{"id":2660,"date":"2025-01-27T12:47:47","date_gmt":"2025-01-27T12:47:47","guid":{"rendered":"https:\/\/deafblindness.info\/?post_type=resource&#038;p=2660"},"modified":"2025-06-19T11:38:09","modified_gmt":"2025-06-19T10:38:09","slug":"noticias-locales-en-peru","status":"publish","type":"resource","link":"https:\/\/deafblindness.info\/es\/resource\/noticias-locales-en-peru\/","title":{"rendered":"Noticias locales en Per\u00fa"},"content":{"rendered":"\n<p>Echa un vistazo a las \u00faltimas noticias locales en Per\u00fa, incluyendo pol\u00edtica, deportes, negocios y entretenimiento.<\/p>\n\n\n\n<h2 class=\"wp-block-heading\">Radio Programas del Per\u00fa<\/h2>\n\n\n\n<p><a href=\"https:\/\/rpp.pe\/\" target=\"_blank\" rel=\"noreferrer noopener\">Radio Programas del Per\u00fa<\/a> es un sitio de noticias l\u00edder en Per\u00fa que ofrece informaci\u00f3n actualizada sobre pol\u00edtica, tecnolog\u00eda y deportes.<\/p>\n\n\n\n<h2 class=\"wp-block-heading\">El Comercio<\/h2>\n\n\n\n<p><a href=\"https:\/\/elcomercio.pe\/\" target=\"_blank\" rel=\"noreferrer noopener\">El portal de noticias l\u00edder en Per\u00fa<\/a> el portal de noticias l\u00edder en Per\u00fa ofrece informaci\u00f3n actualizada sobre pol\u00edtica, econom\u00eda, deportes, cultura y m\u00e1s.<\/p>\n\n\n\n<h2 class=\"wp-block-heading\">La Republica<\/h2>\n\n\n\n<p><a href=\"https:\/\/larepublica.pe\/\" target=\"_blank\" rel=\"noreferrer noopener\">Cubre las noticias de actualidad<\/a>, pol\u00edtica, elecciones, inmigraci\u00f3n, econom\u00eda, entretenimiento, deportes, tecnolog\u00eda de EE.UU.<\/p>\n\n\n\n<h2 class=\"wp-block-heading\">Depor<\/h2>\n\n\n\n<p><a href=\"https:\/\/depor.com\/\" target=\"_blank\" rel=\"noreferrer noopener\">Depor <\/a> es el diario deportivo l\u00edder en Per\u00fa que ofrece noticias actualizadas y de \u00faltima hora.<\/p>\n\n\n\n<h2 class=\"wp-block-heading\">Agencia Peruana de Noticias \u2013 ANDINA<\/h2>\n\n\n\n<p><a href=\"https:\/\/andina.pe\/agencia\/seccion-locales-3.aspx\" target=\"_blank\" rel=\"noreferrer noopener\"><strong>Agencia Peruana de Noticias \u2013 ANDINA.<\/strong><\/a><strong> <\/strong>es la agencia oficial del Estado peruano. Publica noticias sobre pol\u00edtica, econom\u00eda, regiones y sucesos de inter\u00e9s nacional.<\/p>\n\n\n\n<h2 class=\"wp-block-heading\">Diario Correo<\/h2>\n\n\n\n<p><a href=\"https:\/\/diariocorreo.pe\/\" target=\"_blank\" rel=\"noreferrer noopener\"><strong>Diario Correo<\/strong><\/a><strong> <\/strong>medio nacional que informa sobre actualidad, pol\u00edtica, deportes, sucesos regionales y temas sociales.<\/p>\n\n\n\n<h2 class=\"wp-block-heading\">Exitosa Noticias<\/h2>\n\n\n\n<p><a href=\"https:\/\/www.exitosanoticias.pe\/\" target=\"_blank\" rel=\"noreferrer noopener\"><strong>Exitosa Noticias<\/strong><\/a><strong> <\/strong><a href=\"https:\/\/www.exitosanoticias.pe\/\"><\/a>portal multiplataforma que combina radio, televisi\u00f3n y web. Cubre noticias de coyuntura nacional y local con enfoque popular.<\/p>\n\n\n\n<h2 class=\"wp-block-heading\">Peru 21<\/h2>\n\n\n\n<p><a href=\"https:\/\/peru21.pe\/noticias\/local\/#google_vignette\"><strong>Peru 21<\/strong><\/a><strong> <\/strong><a href=\"https:\/\/peru21.pe\/noticias\/local\/#google_vignette\"><\/a>diario digital peruano que aborda pol\u00edtica, actualidad, econom\u00eda, cultura y opini\u00f3n.<\/p>\n\n\n\n<div class=\"wp-block-acf-box  box  box--padded  \">\n\n  <div class=\"acf-innerblocks-container\">\n\n<h3 class=\"wp-block-heading\"><strong>Declaraci\u00f3n de Accesibilidad<\/strong>&nbsp;<\/h3>\n\n\n\n<p>En algunos espacios de nuestro sitio web, dirigimos a nuestros usuarios a sitios web y aplicaciones de terceros que brindan informaci\u00f3n y asesoramiento \u00fatil. Sin embargo, no podemos garantizar que estos sitios y aplicaciones sean completamente accesibles ni que cumplan con las normativas <a href=\"https:\/\/www.w3.org\/WAI\/standards-guidelines\/wcag\/\" target=\"_blank\" rel=\"noreferrer noopener\">WCAG 2.2<\/a>.<\/p>\n\n\n\n<p>Siempre que sea posible, trabajamos con estos terceros para realizar las mejoras necesarias y cumplir con los est\u00e1ndares de accesibilidad. Lee nuestra Declaraci\u00f3n de <a href=\"https:\/\/deafblindness.info\/es\/declaracion-de-accesibilidad-web\/\">Accesibilidad completa aqu\u00ed<\/a>.<\/p>\n\n<\/div>\n\n<\/div>","protected":false},"excerpt":{"rendered":"<p>Noticias locales en Per\u00fa.<\/p>\n","protected":false},"featured_media":1942,"template":"","resource_cats":[52,112,45],"countries":[],"class_list":["post-2660","resource","type-resource","status-publish","has-post-thumbnail","hentry","resource_cats-comunicacion","resource_cats-vida-independiente","resource_cats-vida-y-aprendizaje"],"acf":[],"yoast_head":"<!-- This site is optimized with the Yoast SEO plugin v26.9 - https:\/\/yoast.com\/product\/yoast-seo-wordpress\/ -->\n<title>Noticias locales en Per\u00fa - Global Deafblindness Resource Hub<\/title>\n<meta name=\"description\" content=\"Lee las \u00faltimas noticias locales de Per\u00fa sobre temas de actualidad, pol\u00edtica, estilo de vida, deportes y negocios.\" \/>\n<meta name=\"robots\" content=\"index, follow, max-snippet:-1, max-image-preview:large, max-video-preview:-1\" \/>\n<link rel=\"canonical\" href=\"https:\/\/deafblindness.info\/es\/resource\/noticias-locales-en-peru\/\" \/>\n<meta property=\"og:locale\" content=\"es_ES\" \/>\n<meta property=\"og:type\" content=\"article\" \/>\n<meta property=\"og:title\" content=\"Noticias locales en Per\u00fa - Global Deafblindness Resource Hub\" \/>\n<meta property=\"og:description\" content=\"Lee las \u00faltimas noticias locales de Per\u00fa sobre temas de actualidad, pol\u00edtica, estilo de vida, deportes y negocios.\" \/>\n<meta property=\"og:url\" content=\"https:\/\/deafblindness.info\/es\/resource\/noticias-locales-en-peru\/\" \/>\n<meta property=\"og:site_name\" content=\"Global Deafblindness Resource Hub\" \/>\n<meta property=\"article:modified_time\" content=\"2025-06-19T10:38:09+00:00\" \/>\n<meta property=\"og:image\" content=\"https:\/\/deafblindness.info\/wp-content\/uploads\/2024\/11\/News.png\" \/>\n\t<meta property=\"og:image:width\" content=\"400\" \/>\n\t<meta property=\"og:image:height\" content=\"295\" \/>\n\t<meta property=\"og:image:type\" content=\"image\/png\" \/>\n<meta name=\"twitter:card\" content=\"summary_large_image\" \/>\n<meta name=\"twitter:label1\" content=\"Est. reading time\" \/>\n\t<meta name=\"twitter:data1\" content=\"2 minutos\" \/>\n<script type=\"application\/ld+json\" class=\"yoast-schema-graph\">{\"@context\":\"https:\/\/schema.org\",\"@graph\":[{\"@type\":\"WebPage\",\"@id\":\"https:\/\/deafblindness.info\/es\/resource\/noticias-locales-en-peru\/\",\"url\":\"https:\/\/deafblindness.info\/es\/resource\/noticias-locales-en-peru\/\",\"name\":\"Noticias locales en Per\u00fa - Global Deafblindness Resource Hub\",\"isPartOf\":{\"@id\":\"https:\/\/deafblindness.info\/es\/#website\"},\"primaryImageOfPage\":{\"@id\":\"https:\/\/deafblindness.info\/es\/resource\/noticias-locales-en-peru\/#primaryimage\"},\"image\":{\"@id\":\"https:\/\/deafblindness.info\/es\/resource\/noticias-locales-en-peru\/#primaryimage\"},\"thumbnailUrl\":\"https:\/\/deafblindness.info\/wp-content\/uploads\/2024\/11\/News.png\",\"datePublished\":\"2025-01-27T12:47:47+00:00\",\"dateModified\":\"2025-06-19T10:38:09+00:00\",\"description\":\"Lee las \u00faltimas noticias locales de Per\u00fa sobre temas de actualidad, pol\u00edtica, estilo de vida, deportes y negocios.\",\"breadcrumb\":{\"@id\":\"https:\/\/deafblindness.info\/es\/resource\/noticias-locales-en-peru\/#breadcrumb\"},\"inLanguage\":\"es\",\"potentialAction\":[{\"@type\":\"ReadAction\",\"target\":[\"https:\/\/deafblindness.info\/es\/resource\/noticias-locales-en-peru\/\"]}]},{\"@type\":\"ImageObject\",\"inLanguage\":\"es\",\"@id\":\"https:\/\/deafblindness.info\/es\/resource\/noticias-locales-en-peru\/#primaryimage\",\"url\":\"https:\/\/deafblindness.info\/wp-content\/uploads\/2024\/11\/News.png\",\"contentUrl\":\"https:\/\/deafblindness.info\/wp-content\/uploads\/2024\/11\/News.png\",\"width\":400,\"height\":295,\"caption\":\"A pile of newspapers on a table\"},{\"@type\":\"BreadcrumbList\",\"@id\":\"https:\/\/deafblindness.info\/es\/resource\/noticias-locales-en-peru\/#breadcrumb\",\"itemListElement\":[{\"@type\":\"ListItem\",\"position\":1,\"name\":\"Home\",\"item\":\"https:\/\/deafblindness.info\/es\/\"},{\"@type\":\"ListItem\",\"position\":2,\"name\":\"Noticias locales en Per\u00fa\"}]},{\"@type\":\"WebSite\",\"@id\":\"https:\/\/deafblindness.info\/es\/#website\",\"url\":\"https:\/\/deafblindness.info\/es\/\",\"name\":\"Global Deafblindness Resource Hub\",\"description\":\"Connecting people with deafblindness to the world around them\",\"publisher\":{\"@id\":\"https:\/\/deafblindness.info\/es\/#organization\"},\"potentialAction\":[{\"@type\":\"SearchAction\",\"target\":{\"@type\":\"EntryPoint\",\"urlTemplate\":\"https:\/\/deafblindness.info\/es\/?s={search_term_string}\"},\"query-input\":{\"@type\":\"PropertyValueSpecification\",\"valueRequired\":true,\"valueName\":\"search_term_string\"}}],\"inLanguage\":\"es\"},{\"@type\":\"Organization\",\"@id\":\"https:\/\/deafblindness.info\/es\/#organization\",\"name\":\"Global Deafblindness Resource Hub\",\"url\":\"https:\/\/deafblindness.info\/es\/\",\"logo\":{\"@type\":\"ImageObject\",\"inLanguage\":\"es\",\"@id\":\"https:\/\/deafblindness.info\/es\/#\/schema\/logo\/image\/\",\"url\":\"https:\/\/deafblindness.info\/wp-content\/uploads\/2024\/09\/logo-icon.svg\",\"contentUrl\":\"https:\/\/deafblindness.info\/wp-content\/uploads\/2024\/09\/logo-icon.svg\",\"width\":50,\"height\":50,\"caption\":\"Global Deafblindness Resource Hub\"},\"image\":{\"@id\":\"https:\/\/deafblindness.info\/es\/#\/schema\/logo\/image\/\"}}]}<\/script>\n<!-- \/ Yoast SEO plugin. -->","yoast_head_json":{"title":"Noticias locales en Per\u00fa - Global Deafblindness Resource Hub","description":"Lee las \u00faltimas noticias locales de Per\u00fa sobre temas de actualidad, pol\u00edtica, estilo de vida, deportes y negocios.","robots":{"index":"index","follow":"follow","max-snippet":"max-snippet:-1","max-image-preview":"max-image-preview:large","max-video-preview":"max-video-preview:-1"},"canonical":"https:\/\/deafblindness.info\/es\/resource\/noticias-locales-en-peru\/","og_locale":"es_ES","og_type":"article","og_title":"Noticias locales en Per\u00fa - Global Deafblindness Resource Hub","og_description":"Lee las \u00faltimas noticias locales de Per\u00fa sobre temas de actualidad, pol\u00edtica, estilo de vida, deportes y negocios.","og_url":"https:\/\/deafblindness.info\/es\/resource\/noticias-locales-en-peru\/","og_site_name":"Global Deafblindness Resource Hub","article_modified_time":"2025-06-19T10:38:09+00:00","og_image":[{"width":400,"height":295,"url":"https:\/\/deafblindness.info\/wp-content\/uploads\/2024\/11\/News.png","type":"image\/png"}],"twitter_card":"summary_large_image","twitter_misc":{"Est. reading time":"2 minutos"},"schema":{"@context":"https:\/\/schema.org","@graph":[{"@type":"WebPage","@id":"https:\/\/deafblindness.info\/es\/resource\/noticias-locales-en-peru\/","url":"https:\/\/deafblindness.info\/es\/resource\/noticias-locales-en-peru\/","name":"Noticias locales en Per\u00fa - Global Deafblindness Resource Hub","isPartOf":{"@id":"https:\/\/deafblindness.info\/es\/#website"},"primaryImageOfPage":{"@id":"https:\/\/deafblindness.info\/es\/resource\/noticias-locales-en-peru\/#primaryimage"},"image":{"@id":"https:\/\/deafblindness.info\/es\/resource\/noticias-locales-en-peru\/#primaryimage"},"thumbnailUrl":"https:\/\/deafblindness.info\/wp-content\/uploads\/2024\/11\/News.png","datePublished":"2025-01-27T12:47:47+00:00","dateModified":"2025-06-19T10:38:09+00:00","description":"Lee las \u00faltimas noticias locales de Per\u00fa sobre temas de actualidad, pol\u00edtica, estilo de vida, deportes y negocios.","breadcrumb":{"@id":"https:\/\/deafblindness.info\/es\/resource\/noticias-locales-en-peru\/#breadcrumb"},"inLanguage":"es","potentialAction":[{"@type":"ReadAction","target":["https:\/\/deafblindness.info\/es\/resource\/noticias-locales-en-peru\/"]}]},{"@type":"ImageObject","inLanguage":"es","@id":"https:\/\/deafblindness.info\/es\/resource\/noticias-locales-en-peru\/#primaryimage","url":"https:\/\/deafblindness.info\/wp-content\/uploads\/2024\/11\/News.png","contentUrl":"https:\/\/deafblindness.info\/wp-content\/uploads\/2024\/11\/News.png","width":400,"height":295,"caption":"A pile of newspapers on a table"},{"@type":"BreadcrumbList","@id":"https:\/\/deafblindness.info\/es\/resource\/noticias-locales-en-peru\/#breadcrumb","itemListElement":[{"@type":"ListItem","position":1,"name":"Home","item":"https:\/\/deafblindness.info\/es\/"},{"@type":"ListItem","position":2,"name":"Noticias locales en Per\u00fa"}]},{"@type":"WebSite","@id":"https:\/\/deafblindness.info\/es\/#website","url":"https:\/\/deafblindness.info\/es\/","name":"Global Deafblindness Resource Hub","description":"Connecting people with deafblindness to the world around them","publisher":{"@id":"https:\/\/deafblindness.info\/es\/#organization"},"potentialAction":[{"@type":"SearchAction","target":{"@type":"EntryPoint","urlTemplate":"https:\/\/deafblindness.info\/es\/?s={search_term_string}"},"query-input":{"@type":"PropertyValueSpecification","valueRequired":true,"valueName":"search_term_string"}}],"inLanguage":"es"},{"@type":"Organization","@id":"https:\/\/deafblindness.info\/es\/#organization","name":"Global Deafblindness Resource Hub","url":"https:\/\/deafblindness.info\/es\/","logo":{"@type":"ImageObject","inLanguage":"es","@id":"https:\/\/deafblindness.info\/es\/#\/schema\/logo\/image\/","url":"https:\/\/deafblindness.info\/wp-content\/uploads\/2024\/09\/logo-icon.svg","contentUrl":"https:\/\/deafblindness.info\/wp-content\/uploads\/2024\/09\/logo-icon.svg","width":50,"height":50,"caption":"Global Deafblindness Resource Hub"},"image":{"@id":"https:\/\/deafblindness.info\/es\/#\/schema\/logo\/image\/"}}]}},"_links":{"self":[{"href":"https:\/\/deafblindness.info\/es\/wp-json\/wp\/v2\/resource\/2660","targetHints":{"allow":["GET"]}}],"collection":[{"href":"https:\/\/deafblindness.info\/es\/wp-json\/wp\/v2\/resource"}],"about":[{"href":"https:\/\/deafblindness.info\/es\/wp-json\/wp\/v2\/types\/resource"}],"version-history":[{"count":0,"href":"https:\/\/deafblindness.info\/es\/wp-json\/wp\/v2\/resource\/2660\/revisions"}],"wp:featuredmedia":[{"embeddable":true,"href":"https:\/\/deafblindness.info\/es\/wp-json\/wp\/v2\/media\/1942"}],"wp:attachment":[{"href":"https:\/\/deafblindness.info\/es\/wp-json\/wp\/v2\/media?parent=2660"}],"wp:term":[{"taxonomy":"resource_cats","embeddable":true,"href":"https:\/\/deafblindness.info\/es\/wp-json\/wp\/v2\/resource_cats?post=2660"},{"taxonomy":"countries","embeddable":true,"href":"https:\/\/deafblindness.info\/es\/wp-json\/wp\/v2\/countries?post=2660"}],"curies":[{"name":"wp","href":"https:\/\/api.w.org\/{rel}","templated":true}]}}