{"id":2776,"date":"2025-01-29T14:46:01","date_gmt":"2025-01-29T14:46:01","guid":{"rendered":"https:\/\/deafblindness.info\/?post_type=resource&#038;p=2776"},"modified":"2025-02-04T14:18:28","modified_gmt":"2025-02-04T14:18:28","slug":"la-convencion-de-las-naciones-unidas-sobre-los-derechos-de-las-personas-con-discapacidades","status":"publish","type":"resource","link":"https:\/\/deafblindness.info\/es\/resource\/la-convencion-de-las-naciones-unidas-sobre-los-derechos-de-las-personas-con-discapacidades\/","title":{"rendered":"La Convenci\u00f3n de las Naciones Unidas sobre los Derechos de las Personas con Discapacidades\u00a0\u00a0"},"content":{"rendered":"\n<p>Esta es una breve presentaci\u00f3n de algunos de los derechos de las personas con discapacidades, tal como est\u00e1n descritos en los art\u00edculos de la Convenci\u00f3n de las Naciones Unidas sobre los Derechos de las Personas con Discapacidades. Este no es un documento legal.\u00a0<\/p>\n\n\n\n<p>En esta p\u00e1gina, usted encontrar\u00e1 la informaci\u00f3n siguiente:&nbsp;<\/p>\n\n\n\n<ul class=\"wp-block-list\">\n<li><a href=\"#convenci\u00f3n\">\u00bfQu\u00e9 es una convenci\u00f3n?&nbsp;<\/a><\/li>\n\n\n\n<li><a href=\"#NacionesUnidas\">\u00bfQu\u00e9 es la Organizaci\u00f3n de las Naciones Unidas?&nbsp;<\/a><\/li>\n\n\n\n<li><a href=\"#derechos\">\u00bfQu\u00e9 significa derechos? \u2013enlaces al art\u00edculo 1&nbsp;<\/a><\/li>\n\n\n\n<li><a href=\"#discapacidad\">\u00bfQu\u00e9 significa discapacidad? \u2013enlaces al art\u00edculo 2&nbsp;<\/a><\/li>\n\n\n\n<li><a href=\"#palabras\">Unas palabras \u2013Comunicaci\u00f3n y discriminaci\u00f3n \u2013enlaces al Art\u00edculo 2&nbsp;<\/a><\/li>\n\n\n\n<li><a href=\"#Igualdad\">Igualdad de derechos \u2013enlaces a los art\u00edculos 3 y 5&nbsp;<\/a><\/li>\n\n\n\n<li><a href=\"#mujeres\">Ni\u00f1as y mujeres con discapacidades: \u2013enlaces al Art\u00edculo 6&nbsp;<\/a><\/li>\n\n\n\n<li><a href=\"#discapacidades\">Ni\u00f1os con discapacidades \u2013enlaces al Art\u00edculo 7&nbsp;<\/a><\/li>\n\n\n\n<li><a href=\"#Libertad\">Libertad, seguridad, protecci\u00f3n \u2013enlaces a los Art\u00edculos 14, 15, 16 y 17&nbsp;<\/a><\/li>\n\n\n\n<li><a href=\"#movilidad\">Vida independiente, movilidad \u2013enlaces a los Art\u00edculos 19 y 20&nbsp;<\/a><\/li>\n\n\n\n<li><a href=\"#Familia\">Familia \u2013enlaces al Art\u00edculo 23&nbsp;<\/a><\/li>\n\n\n\n<li><a href=\"#Educaci\u00f3n\">Educaci\u00f3n \u2013enlaces al Art\u00edculo 24&nbsp;<\/a><\/li>\n\n\n\n<li><a href=\"#Salud\">Salud \u2013enlaces al Art\u00edculo 25&nbsp;<\/a><\/li>\n\n\n\n<li><a href=\"#deportes\">Diversi\u00f3n, buenos momentos y deportes \u2013enlaces al Art\u00edculo 30&nbsp;<\/a><\/li>\n<\/ul>\n\n\n\n<h2 class=\"wp-block-heading\" id=\"convenci\u00f3n\">\u00bfQu\u00e9 es una convenci\u00f3n?&nbsp;<\/h2>\n\n\n\n<p>Una convenci\u00f3n es un documento creado por personas de muchos pa\u00edses de todo el mundo.&nbsp;<\/p>\n\n\n\n<p>La Convenci\u00f3n sobre los Derechos de las Personas con Discapacidades est\u00e1 formada por 50 art\u00edculos sobre diversos derechos de las personas con discapacidades.&nbsp;<\/p>\n\n\n\n<p>La convenci\u00f3n establece lo que los pa\u00edses deben hacer para que las personas con discapacidades gocen de los mismos derechos que todos los dem\u00e1s.&nbsp;<\/p>\n\n\n\n<h2 class=\"wp-block-heading\" id=\"NacionesUnidas\">\u00bfQu\u00e9 es la Organizaci\u00f3n de las Naciones Unidas?&nbsp;<\/h2>\n\n\n\n<p>La Organizaci\u00f3n de las Naciones Unidas est\u00e1 formada por 193 pa\u00edses de todo el mundo. Estos pa\u00edses trabajan juntos por la paz en el mundo, por la amistad entre los pa\u00edses y por una vida mejor para las personas, incluyendo por la vida de los ni\u00f1os con discapacidades.&nbsp;<\/p>\n\n\n\n<h2 class=\"wp-block-heading\" id=\"derechos\">\u00bfQu\u00e9 significa derechos?&nbsp;<\/h2>\n\n\n\n<p>Todos los ni\u00f1os, incluyendo a los ni\u00f1os con discapacidades, tienen los mismos derechos. Todos los derechos son importantes.&nbsp;<\/p>\n\n\n\n<p>Por ejemplo, los ni\u00f1os con discapacidades tienen derecho a ir a la escuela, a estar sanos, a trabajar cuando crezcan, a vivir una vida feliz, as\u00ed como a otros derechos contenidos en la Convenci\u00f3n. La Convenci\u00f3n garantiza que los pa\u00edses respeten estos derechos.&nbsp;<\/p>\n\n\n\n<p>Esto se relaciona con el Art\u00edculo 1: Finalidad de la Convenci\u00f3n.<\/p>\n\n\n\n<h2 class=\"wp-block-heading\" id=\"discapacidad\">\u00bfQu\u00e9 significa discapacidad?&nbsp;<\/h2>\n\n\n\n<p>Las personas con discapacidades incluyen a aquellas que, durante un per\u00edodo de tiempo m\u00e1s largo, tienen dificultades para caminar, ver, o\u00edr, aprender o realizar diversas actividades, debido a algunas barreras a su alrededor.&nbsp;<\/p>\n\n\n\n<p>Esto se relaciona con el Art\u00edculo 1: Finalidad de la Convenci\u00f3n.<\/p>\n\n\n\n<h2 class=\"wp-block-heading\" id=\"palabras\">Unas palabras&nbsp;&nbsp;<\/h2>\n\n\n\n<p>COMUNICACI\u00d3N significa las diversas formas en que las personas con discapacidades pueden entender y transmitir mensajes. Por ejemplo, lenguajes como el lenguaje de se\u00f1as, el braille, las computadoras y las tecnolog\u00edas.\u00a0<\/p>\n\n\n\n<p>DISCRIMINACI\u00d3N es cuando se le trata a usted de manera diferente a otras personas o se le excluye debido a una discapacidad.&nbsp;<\/p>\n\n\n\n<p>Esto se relaciona con el Art\u00edculo 2: Definici\u00f3n de la Convenci\u00f3n.\u00a0<\/p>\n\n\n\n<h2 class=\"wp-block-heading\" id=\"Igualdad\">Igualdad de derechos&nbsp;<\/h2>\n\n\n\n<ul class=\"wp-block-list\">\n<li>Las personas son libres de tomar sus propias decisiones.&nbsp;<\/li>\n<\/ul>\n\n\n\n<ul class=\"wp-block-list\">\n<li>Nadie ser\u00e1 discriminado.&nbsp;<\/li>\n<\/ul>\n\n\n\n<ul class=\"wp-block-list\">\n<li>Las personas con discapacidades tienen los mismos derechos que los dem\u00e1s a formar parte de la sociedad. <\/li>\n<\/ul>\n\n\n\n<ul class=\"wp-block-list\">\n<li>Las personas con discapacidades, incluyendo a los ni\u00f1os con discapacidades, deben ser respetadas tal como son.&nbsp;<\/li>\n<\/ul>\n\n\n\n<ul class=\"wp-block-list\">\n<li>Todas las personas deben tener las mismas oportunidades y el mismo acceso.&nbsp;<\/li>\n<\/ul>\n\n\n\n<ul class=\"wp-block-list\">\n<li>Los hombres y las mujeres deben tener las mismas oportunidades.&nbsp;<\/li>\n<\/ul>\n\n\n\n<p>Esto se relaciona con el Art\u00edculo 3 de la Convenci\u00f3n Principios Generales, y el Art\u00edculo 5 de la Convenci\u00f3n: Igualdad y no discriminaci\u00f3n.\u00a0<\/p>\n\n\n\n<h2 class=\"wp-block-heading\" id=\"mujeres\">Ni\u00f1as y mujeres con discapacidades&nbsp;<\/h2>\n\n\n\n<p>Todos los pa\u00edses est\u00e1n de acuerdo en que las ni\u00f1as y las mujeres con discapacidades reciben un trato injusto y desigual.&nbsp;<\/p>\n\n\n\n<p>Por lo tanto, los pa\u00edses deben asegurarse de que ellas tengan los mismos derechos, oportunidades y libertades que los ni\u00f1os y los hombres.&nbsp;<\/p>\n\n\n\n<p>Esto se relaciona con el Art\u00edculo 6 de la Convenci\u00f3n: Mujeres con discapacidades.\u00a0<\/p>\n\n\n\n<h2 class=\"wp-block-heading\" id=\"discapacidades\">Ni\u00f1os con discapacidades&nbsp;<\/h2>\n\n\n\n<p>Los ni\u00f1os con discapacidades tienen los mismos derechos que todos los dem\u00e1s ni\u00f1os.&nbsp;<\/p>\n\n\n\n<p>En todo lo que hacen, los pa\u00edses deben pensar en lo que es mejor para los ni\u00f1os con discapacidades para que tengan una voz que sea escuchada y respetada.\u00a0<\/p>\n\n\n\n<p>Esto se relaciona con el Art\u00edculo 7 de la Convenci\u00f3n: Ni\u00f1os con discapacidades.\u00a0<\/p>\n\n\n\n<h2 class=\"wp-block-heading\" id=\"Libertad\">Libertad, seguridad, protecci\u00f3n&nbsp;<\/h2>\n\n\n\n<p>Los pa\u00edses deben proteger la libertad de las personas con discapacidades y asegurarse de que no sean maltratadas.&nbsp;<\/p>\n\n\n\n<p>Nadie puede ser sometido a torturas y castigos ni a tratos crueles, inhumanos o degradantes.&nbsp;<\/p>\n\n\n\n<p>Nadie puede ser objeto de explotaci\u00f3n, violencia y abuso.&nbsp;<\/p>\n\n\n\n<p>Esto se relaciona con los Art\u00edculos siguientes de la Convenci\u00f3n:\u00a0<\/p>\n\n\n\n<p>Art\u00edculo 14: Libertad y seguridad de la persona\u00a0<\/p>\n\n\n\n<p>Art\u00edculo 15:  Protecci\u00f3n contra la tortura u otros tratos o penas crueles, inhumanos o degradantes\u00a0<\/p>\n\n\n\n<p>Art\u00edculo 16:  Protecci\u00f3n contra la explotaci\u00f3n, la violencia y el abuso\u00a0<\/p>\n\n\n\n<p>Art\u00edculo 17:  Protecci\u00f3n de la integridad de la persona\u00a0<\/p>\n\n\n\n<h2 class=\"wp-block-heading\" id=\"movilidad\">Vida independiente, movilidad&nbsp;<\/h2>\n\n\n\n<p>Las personas con discapacidad tienen derecho a elegir lo que quieren hacer en la vida y a desplazarse de forma independiente.&nbsp;<\/p>\n\n\n\n<p>Los pa\u00edses deben asegurarse de que pueden hacer estas cosas, proporcionando servicios apropiados para las personas con discapacidades.&nbsp;<\/p>\n\n\n\n<p>Esto se relaciona con los Art\u00edculos siguientes de la Convenci\u00f3n:\u00a0<\/p>\n\n\n\n<p>Art\u00edculo 19 Vivir de forma independiente y ser incluido en la comunidad&nbsp;<\/p>\n\n\n\n<p>Art\u00edculo 20, Movilidad personal&nbsp;<\/p>\n\n\n\n<h2 class=\"wp-block-heading\" id=\"Familia\">Familia&nbsp;<\/h2>\n\n\n\n<p>Las personas con discapacidades tienen derecho a una familia y a las relaciones personales. Los ni\u00f1os con discapacidades tienen derecho a vivir con sus familias.&nbsp;<\/p>\n\n\n\n<p>Los pa\u00edses deben asegurarse de que estos derechos sean respetados.&nbsp;<\/p>\n\n\n\n<p>Esto se relaciona con el Art\u00edculo 23 de la Convenci\u00f3n, Respeto al hogar y a la familia.&nbsp;<\/p>\n\n\n\n<h2 class=\"wp-block-heading\" id=\"Educaci\u00f3n\">Educaci\u00f3n&nbsp;<\/h2>\n\n\n\n<p>Los ni\u00f1os con discapacidades tienen derecho a ir a la escuela y aprender, al igual que todos los ni\u00f1os.&nbsp;<\/p>\n\n\n\n<p>Los padres, los maestros y la sociedad en general deben apoyar a los ni\u00f1os para que aprendan utilizando el lenguaje y los m\u00e9todos apropiados.\u00a0<\/p>\n\n\n\n<p>Esto se relaciona con el Art\u00edculo 24 de la Convenci\u00f3n: Educaci\u00f3n.\u00a0<\/p>\n\n\n\n<h2 class=\"wp-block-heading\" id=\"Salud\">Salud&nbsp;<\/h2>\n\n\n\n<p>Las personas con discapacidades tienen derecho a gozar de buena salud y a tener acceso a m\u00e9dicos y servicios de salud.&nbsp;<\/p>\n\n\n\n<p>Los padres, los m\u00e9dicos y la sociedad en general deben apoyar para que los ni\u00f1os est\u00e9n sanos.\u00a0<\/p>\n\n\n\n<p>Esto se relaciona con el Art\u00edculo 25 de la Convenci\u00f3n: Salud.\u00a0<\/p>\n\n\n\n<h2 class=\"wp-block-heading\" id=\"deportes\">Diversi\u00f3n, buenos momentos y deportes&nbsp;<\/h2>\n\n\n\n<p>Las personas con discapacidades tienen derecho a disfrutar del deporte, la vida cultural y la recreaci\u00f3n, al igual que todos los dem\u00e1s.&nbsp;<\/p>\n\n\n\n<p>Los libros, los espect\u00e1culos, los museos, las pel\u00edculas y los deportes deben ser accesibles para los ni\u00f1os con discapacidades.&nbsp;<\/p>\n\n\n\n<p>Esto se relaciona con el Art\u00edculo 30 de la Convenci\u00f3n: Participaci\u00f3n en la vida cultural, la recreaci\u00f3n, el esparcimiento y el deporte.\u00a0<\/p>\n\n\n\n<p>Se puede leer la convenci\u00f3n en su totalidad aqu\u00ed:&nbsp;<\/p>\n\n\n\n<p><a href=\"https:\/\/social.desa.un.org\/issues\/disability\/crpd\/convention-on-the-rights-of-persons-with-disabilities-crpd\" target=\"_blank\" rel=\"noreferrer noopener\">Convenci\u00f3n sobre los Derechos de las Personas con Discapacidades (CDPD) | Divisi\u00f3n para el Desarrollo Social Inclusivo (DDSI)<\/a>&nbsp;<\/p>\n\n\n\n<p>Este documento fue desarrollado originalmente por Sense International Rumania en 2020, y editado por Sense International Reino Unido en 2024 para un p\u00fablico internacional.&nbsp;<\/p>\n","protected":false},"excerpt":{"rendered":"<p>Lea esta breve presentaci\u00f3n de algunos de los derechos de las personas con discapacidad, tal como se describen en los art\u00edculos de la Convenci\u00f3n de las Naciones Unidas sobre los Derechos de las Personas con Discapacidad.<\/p>\n","protected":false},"featured_media":0,"template":"","resource_cats":[52,53,111,114,49,116,47,110,112,45],"countries":[292],"class_list":["post-2776","resource","type-resource","status-publish","hentry","resource_cats-comunicacion","resource_cats-derechos","resource_cats-educacion","resource_cats-empleo-y-sustento","resource_cats-entendiendo-la-sordoceguera","resource_cats-incidencia-politica","resource_cats-informacion-tecnica-y-especializada","resource_cats-salud","resource_cats-vida-independiente","resource_cats-vida-y-aprendizaje","countries-peru-es"],"acf":[],"yoast_head":"<!-- This site is optimized with the Yoast SEO plugin v26.9 - https:\/\/yoast.com\/product\/yoast-seo-wordpress\/ -->\n<title>La Convenci\u00f3n de las Naciones Unidas sobre los Derechos de las Personas con Discapacidades\u00a0\u00a0 - Global Deafblindness Resource Hub<\/title>\n<meta name=\"description\" content=\"Lea esta breve presentaci\u00f3n de algunos de los derechos de las personas con discapacidad, tal como se describen en los art\u00edculos de la Convenci\u00f3n de las Naciones Unidas sobre los Derechos de las Personas con Discapacidad.\" \/>\n<meta name=\"robots\" content=\"index, follow, max-snippet:-1, max-image-preview:large, max-video-preview:-1\" \/>\n<link rel=\"canonical\" href=\"https:\/\/deafblindness.info\/es\/resource\/la-convencion-de-las-naciones-unidas-sobre-los-derechos-de-las-personas-con-discapacidades\/\" \/>\n<meta property=\"og:locale\" content=\"es_ES\" \/>\n<meta property=\"og:type\" content=\"article\" \/>\n<meta property=\"og:title\" content=\"La Convenci\u00f3n de las Naciones Unidas sobre los Derechos de las Personas con Discapacidades\u00a0\u00a0 - Global Deafblindness Resource Hub\" \/>\n<meta property=\"og:description\" content=\"Lea esta breve presentaci\u00f3n de algunos de los derechos de las personas con discapacidad, tal como se describen en los art\u00edculos de la Convenci\u00f3n de las Naciones Unidas sobre los Derechos de las Personas con Discapacidad.\" \/>\n<meta property=\"og:url\" content=\"https:\/\/deafblindness.info\/es\/resource\/la-convencion-de-las-naciones-unidas-sobre-los-derechos-de-las-personas-con-discapacidades\/\" \/>\n<meta property=\"og:site_name\" content=\"Global Deafblindness Resource Hub\" \/>\n<meta property=\"article:modified_time\" content=\"2025-02-04T14:18:28+00:00\" \/>\n<meta name=\"twitter:card\" content=\"summary_large_image\" \/>\n<meta name=\"twitter:label1\" content=\"Est. reading time\" \/>\n\t<meta name=\"twitter:data1\" content=\"5 minutos\" \/>\n<script type=\"application\/ld+json\" class=\"yoast-schema-graph\">{\"@context\":\"https:\/\/schema.org\",\"@graph\":[{\"@type\":\"WebPage\",\"@id\":\"https:\/\/deafblindness.info\/es\/resource\/la-convencion-de-las-naciones-unidas-sobre-los-derechos-de-las-personas-con-discapacidades\/\",\"url\":\"https:\/\/deafblindness.info\/es\/resource\/la-convencion-de-las-naciones-unidas-sobre-los-derechos-de-las-personas-con-discapacidades\/\",\"name\":\"La Convenci\u00f3n de las Naciones Unidas sobre los Derechos de las Personas con Discapacidades\u00a0\u00a0 - Global Deafblindness Resource Hub\",\"isPartOf\":{\"@id\":\"https:\/\/deafblindness.info\/es\/#website\"},\"datePublished\":\"2025-01-29T14:46:01+00:00\",\"dateModified\":\"2025-02-04T14:18:28+00:00\",\"description\":\"Lea esta breve presentaci\u00f3n de algunos de los derechos de las personas con discapacidad, tal como se describen en los art\u00edculos de la Convenci\u00f3n de las Naciones Unidas sobre los Derechos de las Personas con Discapacidad.\",\"breadcrumb\":{\"@id\":\"https:\/\/deafblindness.info\/es\/resource\/la-convencion-de-las-naciones-unidas-sobre-los-derechos-de-las-personas-con-discapacidades\/#breadcrumb\"},\"inLanguage\":\"es\",\"potentialAction\":[{\"@type\":\"ReadAction\",\"target\":[\"https:\/\/deafblindness.info\/es\/resource\/la-convencion-de-las-naciones-unidas-sobre-los-derechos-de-las-personas-con-discapacidades\/\"]}]},{\"@type\":\"BreadcrumbList\",\"@id\":\"https:\/\/deafblindness.info\/es\/resource\/la-convencion-de-las-naciones-unidas-sobre-los-derechos-de-las-personas-con-discapacidades\/#breadcrumb\",\"itemListElement\":[{\"@type\":\"ListItem\",\"position\":1,\"name\":\"Home\",\"item\":\"https:\/\/deafblindness.info\/es\/\"},{\"@type\":\"ListItem\",\"position\":2,\"name\":\"La Convenci\u00f3n de las Naciones Unidas sobre los Derechos de las Personas con Discapacidades\u00a0\u00a0\"}]},{\"@type\":\"WebSite\",\"@id\":\"https:\/\/deafblindness.info\/es\/#website\",\"url\":\"https:\/\/deafblindness.info\/es\/\",\"name\":\"Global Deafblindness Resource Hub\",\"description\":\"Connecting people with deafblindness to the world around them\",\"publisher\":{\"@id\":\"https:\/\/deafblindness.info\/es\/#organization\"},\"potentialAction\":[{\"@type\":\"SearchAction\",\"target\":{\"@type\":\"EntryPoint\",\"urlTemplate\":\"https:\/\/deafblindness.info\/es\/?s={search_term_string}\"},\"query-input\":{\"@type\":\"PropertyValueSpecification\",\"valueRequired\":true,\"valueName\":\"search_term_string\"}}],\"inLanguage\":\"es\"},{\"@type\":\"Organization\",\"@id\":\"https:\/\/deafblindness.info\/es\/#organization\",\"name\":\"Global Deafblindness Resource Hub\",\"url\":\"https:\/\/deafblindness.info\/es\/\",\"logo\":{\"@type\":\"ImageObject\",\"inLanguage\":\"es\",\"@id\":\"https:\/\/deafblindness.info\/es\/#\/schema\/logo\/image\/\",\"url\":\"https:\/\/deafblindness.info\/wp-content\/uploads\/2024\/09\/logo-icon.svg\",\"contentUrl\":\"https:\/\/deafblindness.info\/wp-content\/uploads\/2024\/09\/logo-icon.svg\",\"width\":50,\"height\":50,\"caption\":\"Global Deafblindness Resource Hub\"},\"image\":{\"@id\":\"https:\/\/deafblindness.info\/es\/#\/schema\/logo\/image\/\"}}]}<\/script>\n<!-- \/ Yoast SEO plugin. -->","yoast_head_json":{"title":"La Convenci\u00f3n de las Naciones Unidas sobre los Derechos de las Personas con Discapacidades\u00a0\u00a0 - Global Deafblindness Resource Hub","description":"Lea esta breve presentaci\u00f3n de algunos de los derechos de las personas con discapacidad, tal como se describen en los art\u00edculos de la Convenci\u00f3n de las Naciones Unidas sobre los Derechos de las Personas con Discapacidad.","robots":{"index":"index","follow":"follow","max-snippet":"max-snippet:-1","max-image-preview":"max-image-preview:large","max-video-preview":"max-video-preview:-1"},"canonical":"https:\/\/deafblindness.info\/es\/resource\/la-convencion-de-las-naciones-unidas-sobre-los-derechos-de-las-personas-con-discapacidades\/","og_locale":"es_ES","og_type":"article","og_title":"La Convenci\u00f3n de las Naciones Unidas sobre los Derechos de las Personas con Discapacidades\u00a0\u00a0 - Global Deafblindness Resource Hub","og_description":"Lea esta breve presentaci\u00f3n de algunos de los derechos de las personas con discapacidad, tal como se describen en los art\u00edculos de la Convenci\u00f3n de las Naciones Unidas sobre los Derechos de las Personas con Discapacidad.","og_url":"https:\/\/deafblindness.info\/es\/resource\/la-convencion-de-las-naciones-unidas-sobre-los-derechos-de-las-personas-con-discapacidades\/","og_site_name":"Global Deafblindness Resource Hub","article_modified_time":"2025-02-04T14:18:28+00:00","twitter_card":"summary_large_image","twitter_misc":{"Est. reading time":"5 minutos"},"schema":{"@context":"https:\/\/schema.org","@graph":[{"@type":"WebPage","@id":"https:\/\/deafblindness.info\/es\/resource\/la-convencion-de-las-naciones-unidas-sobre-los-derechos-de-las-personas-con-discapacidades\/","url":"https:\/\/deafblindness.info\/es\/resource\/la-convencion-de-las-naciones-unidas-sobre-los-derechos-de-las-personas-con-discapacidades\/","name":"La Convenci\u00f3n de las Naciones Unidas sobre los Derechos de las Personas con Discapacidades\u00a0\u00a0 - Global Deafblindness Resource Hub","isPartOf":{"@id":"https:\/\/deafblindness.info\/es\/#website"},"datePublished":"2025-01-29T14:46:01+00:00","dateModified":"2025-02-04T14:18:28+00:00","description":"Lea esta breve presentaci\u00f3n de algunos de los derechos de las personas con discapacidad, tal como se describen en los art\u00edculos de la Convenci\u00f3n de las Naciones Unidas sobre los Derechos de las Personas con Discapacidad.","breadcrumb":{"@id":"https:\/\/deafblindness.info\/es\/resource\/la-convencion-de-las-naciones-unidas-sobre-los-derechos-de-las-personas-con-discapacidades\/#breadcrumb"},"inLanguage":"es","potentialAction":[{"@type":"ReadAction","target":["https:\/\/deafblindness.info\/es\/resource\/la-convencion-de-las-naciones-unidas-sobre-los-derechos-de-las-personas-con-discapacidades\/"]}]},{"@type":"BreadcrumbList","@id":"https:\/\/deafblindness.info\/es\/resource\/la-convencion-de-las-naciones-unidas-sobre-los-derechos-de-las-personas-con-discapacidades\/#breadcrumb","itemListElement":[{"@type":"ListItem","position":1,"name":"Home","item":"https:\/\/deafblindness.info\/es\/"},{"@type":"ListItem","position":2,"name":"La Convenci\u00f3n de las Naciones Unidas sobre los Derechos de las Personas con Discapacidades\u00a0\u00a0"}]},{"@type":"WebSite","@id":"https:\/\/deafblindness.info\/es\/#website","url":"https:\/\/deafblindness.info\/es\/","name":"Global Deafblindness Resource Hub","description":"Connecting people with deafblindness to the world around them","publisher":{"@id":"https:\/\/deafblindness.info\/es\/#organization"},"potentialAction":[{"@type":"SearchAction","target":{"@type":"EntryPoint","urlTemplate":"https:\/\/deafblindness.info\/es\/?s={search_term_string}"},"query-input":{"@type":"PropertyValueSpecification","valueRequired":true,"valueName":"search_term_string"}}],"inLanguage":"es"},{"@type":"Organization","@id":"https:\/\/deafblindness.info\/es\/#organization","name":"Global Deafblindness Resource Hub","url":"https:\/\/deafblindness.info\/es\/","logo":{"@type":"ImageObject","inLanguage":"es","@id":"https:\/\/deafblindness.info\/es\/#\/schema\/logo\/image\/","url":"https:\/\/deafblindness.info\/wp-content\/uploads\/2024\/09\/logo-icon.svg","contentUrl":"https:\/\/deafblindness.info\/wp-content\/uploads\/2024\/09\/logo-icon.svg","width":50,"height":50,"caption":"Global Deafblindness Resource Hub"},"image":{"@id":"https:\/\/deafblindness.info\/es\/#\/schema\/logo\/image\/"}}]}},"_links":{"self":[{"href":"https:\/\/deafblindness.info\/es\/wp-json\/wp\/v2\/resource\/2776","targetHints":{"allow":["GET"]}}],"collection":[{"href":"https:\/\/deafblindness.info\/es\/wp-json\/wp\/v2\/resource"}],"about":[{"href":"https:\/\/deafblindness.info\/es\/wp-json\/wp\/v2\/types\/resource"}],"version-history":[{"count":0,"href":"https:\/\/deafblindness.info\/es\/wp-json\/wp\/v2\/resource\/2776\/revisions"}],"wp:attachment":[{"href":"https:\/\/deafblindness.info\/es\/wp-json\/wp\/v2\/media?parent=2776"}],"wp:term":[{"taxonomy":"resource_cats","embeddable":true,"href":"https:\/\/deafblindness.info\/es\/wp-json\/wp\/v2\/resource_cats?post=2776"},{"taxonomy":"countries","embeddable":true,"href":"https:\/\/deafblindness.info\/es\/wp-json\/wp\/v2\/countries?post=2776"}],"curies":[{"name":"wp","href":"https:\/\/api.w.org\/{rel}","templated":true}]}}