{"id":5054,"date":"2025-11-24T16:37:43","date_gmt":"2025-11-24T16:37:43","guid":{"rendered":"https:\/\/deafblindness.info\/?post_type=resource&#038;p=5054"},"modified":"2025-11-24T16:37:45","modified_gmt":"2025-11-24T16:37:45","slug":"senzoriala-pentru-copiii-cu-surdocecitate","status":"publish","type":"resource","link":"https:\/\/deafblindness.info\/ro\/resource\/senzoriala-pentru-copiii-cu-surdocecitate\/","title":{"rendered":"Exploram minunea din noi &#8211; Calatorie senzoriala pentru copiii cu surdocecitate"},"content":{"rendered":"\n<p>Activit\u0103\u021bi de explorare senzorial\u0103 desf\u0103\u0219urate \u00eentr-un atelier dedicat, \u00een care copiii au interac\u021bionat cu lumini, texturi, sunete \u0219i materiale tactile, \u00eentr-un mediu adaptat pentru a stimula sim\u021burile \u0219i dezvoltarea multisenzorial\u0103.<\/p>\n\n\n\n<p>\u00cen luna iunie, cu ocazia S\u0103rb\u0103torii Interna\u021bionale Helen Keller, Liceul Tehnologic Special \u201eVasile Pavelcu\u201d din Ia\u0219i cu sprijinul Funda\u021biei Sense Interna\u021bional Rom\u00e2nia, a organizat un eveniment special dedicat copiilor cu surdocecitate \u0219i dizabilit\u0103\u021bi senzoriale multiple: atelierul senzorial <strong>\u201eExplor\u0103m minunea din noi\u201d<\/strong>. Activitatea s-a desf\u0103\u0219urat la Centrul senzorial Sensory Life din Ia\u0219i, un spa\u021biu adaptat \u00een care copiii au avut ocazia s\u0103 exploreze, s\u0103 simt\u0103 \u0219i s\u0103 exploreze \u00een moduri inedite \u0219i variate.<\/p>\n\n\n\n<p>Evenimentul a avut ca scop principal dezvoltarea abilit\u0103\u021bilor de explorare senzorial\u0103 \u0219i stimularea comunic\u0103rii func\u021bionale, \u00eentr-un mediu sigur \u0219i prietenos.<\/p>\n\n\n\n<h2 class=\"wp-block-heading\"><strong>Activit\u0103\u021bi de explorare senzorial\u0103<\/strong><\/h2>\n\n\n\n<p>Una dintre activit\u0103\u021bile centrale ale atelierului a avut loc \u00een \u201eCamera Univers\u201d \u2013 un spa\u021biu magic, \u00een care luminile difuze, diversele texturi, culorile schimb\u0103toare \u0219i mirosurile delicate au creat un cadru captivant pentru explorare senzorial\u0103.<\/p>\n\n\n\n<p>Copiii au interac\u021bionat cu tuburi luminoase, flori parfumate \u0219i materiale tactile diverse, fiind \u00eencuraja\u021bi s\u0103 ating\u0103, s\u0103 adulmece \u0219i s\u0103 comunice reac\u021biile lor prin gesturi, semne sau expresii. Aceast\u0103 camer\u0103 a fost g\u00e2ndit\u0103 special pentru a oferi o experien\u021b\u0103 multisenzorial\u0103 complet\u0103 \u0219i adaptat\u0103 fiec\u0103rui copil.<\/p>\n\n\n\n<figure class=\"wp-block-image size-large\"><img loading=\"lazy\" decoding=\"async\" width=\"1024\" height=\"576\" src=\"https:\/\/deafblindness.info\/wp-content\/uploads\/2025\/11\/Image-1-1-1024x576.jpeg\" alt=\"Colaj de trei fotografii: \u00een st\u00e2nga, un b\u0103ie\u021bel st\u0103 \u00eentr-o piscin\u0103 cu bile luminoase; \u00een centru, o feti\u021b\u0103 st\u0103 pe o platform\u0103 galben\u0103 care lumineaz\u0103; iar \u00een dreapta, o alt\u0103 feti\u021b\u0103 se joac\u0103 \u00eentr-o camer\u0103 senzorial\u0103 cu coloane luminoase roz \u0219i oglinzi.\" class=\"wp-image-5055\" srcset=\"https:\/\/deafblindness.info\/wp-content\/uploads\/2025\/11\/Image-1-1-1024x576.jpeg 1024w, https:\/\/deafblindness.info\/wp-content\/uploads\/2025\/11\/Image-1-1-300x169.jpeg 300w, https:\/\/deafblindness.info\/wp-content\/uploads\/2025\/11\/Image-1-1-768x432.jpeg 768w, https:\/\/deafblindness.info\/wp-content\/uploads\/2025\/11\/Image-1-1-1536x864.jpeg 1536w, https:\/\/deafblindness.info\/wp-content\/uploads\/2025\/11\/Image-1-1-1244x700.jpeg 1244w, https:\/\/deafblindness.info\/wp-content\/uploads\/2025\/11\/Image-1-1-400x225.jpeg 400w, https:\/\/deafblindness.info\/wp-content\/uploads\/2025\/11\/Image-1-1-600x338.jpeg 600w, https:\/\/deafblindness.info\/wp-content\/uploads\/2025\/11\/Image-1-1.jpeg 1600w\" sizes=\"auto, (max-width: 1024px) 100vw, 1024px\" \/><figcaption class=\"wp-element-caption\"><strong>Imagine 1:<\/strong> Explorare senzorial\u0103<br><strong>Descriere imagine 1:<\/strong> Colaj de trei fotografii: \u00een st\u00e2nga, un b\u0103ie\u021bel st\u0103 \u00eentr-o piscin\u0103 cu bile luminoase; \u00een centru, o feti\u021b\u0103 st\u0103 pe o platform\u0103 galben\u0103 care lumineaz\u0103; iar \u00een dreapta, o alt\u0103 feti\u021b\u0103 se joac\u0103 \u00eentr-o camer\u0103 senzorial\u0103 cu coloane luminoase roz \u0219i oglinzi.<\/figcaption><\/figure>\n\n\n\n<p>Activit\u0103\u021bile au inclus \u0219i alte insule senzoriale precum Camera Softplay \u2013 un spa\u021biu de relaxare \u0219i pove\u0219ti \u00een care copiii s-au bucurat de leag\u0103nul lini\u0219titor al salciei \u0219i de acvariul cu pe\u0219ti exotici \u2013 \u0219i Camera Natura \u0219i Apa, unde copiii au interac\u021bionat cu piscine cu bile luminoase \u0219i vibra\u021bii, panouri cu lumini \u0219i lichid activ \u0219i tuburi cu bule de ap\u0103.<\/p>\n\n\n\n<h2 class=\"wp-block-heading\"><strong>Importan\u021ba explor\u0103rii senzoriale<\/strong><\/h2>\n\n\n\n<p>Explorarea senzorial\u0103 este esen\u021bial\u0103 \u00een dezvoltarea timpurie a copiilor, mai ales \u00een cazul celor cu deficien\u021be senzoriale multiple sau surdocecitate. Aceasta contribuie la formarea conexiunilor neuronale, dezvolt\u0103 abilit\u0103\u021bile de reglare emo\u021bional\u0103, coordonarea motorie, aten\u021bia, limbajul \u0219i con\u0219tientizarea de sine. \u00cen plus, ofer\u0103 copilului oportunit\u0103\u021bi concrete de a \u00eenv\u0103\u021ba prin experien\u021b\u0103 direct\u0103, de a construi rela\u021bii de \u00eencredere \u0219i de a \u00een\u021belege lumea din jur prin sim\u021burile sale.<\/p>\n\n\n\n<p>Impactul activit\u0103\u021bii a fost semnificativ: copiii au fost activi, curio\u0219i, mai comunicativi, iar p\u0103rin\u021bii s-au ar\u0103tat impresiona\u021bi de bucuria \u0219i reac\u021biile celor mici. Atelierul a consolidat rela\u021biile copil-p\u0103rinte-profesor \u0219i a eviden\u021biat valoarea contextelor educative adaptate.<\/p>\n\n\n\n<h2 class=\"wp-block-heading\"><strong>Vocea p\u0103rin\u021bilor<\/strong><\/h2>\n\n\n\n<p>\u201e<em>Am fost uimit\u0103 de reac\u021biile fiicei mele c\u00e2nd a descoperit camera cu lumini. A fost o experien\u021b\u0103 pe care nu o vom uita cur\u00e2nd.\u201d \u2013 tat\u0103l lui M., 3 ani<\/em><\/p>\n\n\n\n<p><em>\u201eA fost un moment de conectare inedit. \u00cemi doresc mai multe astfel de contexte pentru<\/em><\/p>\n\n\n\n<p><em>copiii no\u0219tri.\u201d \u2013 mama lui N., 6 ani<\/em><\/p>\n\n\n\n<p><em>\u201eTotul a fost preg\u0103tit cu at\u00e2ta grij\u0103! Pentru noi, a fost mai mult dec\u00e2t o activitate \u2013 a fost<\/em><\/p>\n\n\n\n<p><em>o s\u0103rb\u0103toare.\u201d \u2013 mama lui D., 3 ani<\/em><\/p>\n\n\n\n<figure class=\"wp-block-image size-large\"><img loading=\"lazy\" decoding=\"async\" width=\"1024\" height=\"768\" src=\"https:\/\/deafblindness.info\/wp-content\/uploads\/2025\/11\/Image-2-1-1024x768.jpg\" alt=\"un grup de adul\u021bi \u0219i copii aduna\u021bi \u00eentr-o \u00eenc\u0103pere decorat\u0103 cu un copac mare artificial, st\u00e2nd \u00eempreun\u0103 pe jos, \u00een fa\u021ba copacului. Doi dintre adul\u021bi \u021bin o pancart\u0103 colorat\u0103 pe care scrie \u201eHelen Keller \u2013 Ia\u0219i 2025\u201d.\" class=\"wp-image-5062\" srcset=\"https:\/\/deafblindness.info\/wp-content\/uploads\/2025\/11\/Image-2-1-1024x768.jpg 1024w, https:\/\/deafblindness.info\/wp-content\/uploads\/2025\/11\/Image-2-1-300x225.jpg 300w, https:\/\/deafblindness.info\/wp-content\/uploads\/2025\/11\/Image-2-1-768x576.jpg 768w, https:\/\/deafblindness.info\/wp-content\/uploads\/2025\/11\/Image-2-1-1536x1152.jpg 1536w, https:\/\/deafblindness.info\/wp-content\/uploads\/2025\/11\/Image-2-1-933x700.jpg 933w, https:\/\/deafblindness.info\/wp-content\/uploads\/2025\/11\/Image-2-1-400x300.jpg 400w, https:\/\/deafblindness.info\/wp-content\/uploads\/2025\/11\/Image-2-1-600x450.jpg 600w, https:\/\/deafblindness.info\/wp-content\/uploads\/2025\/11\/Image-2-1.jpg 1600w\" sizes=\"auto, (max-width: 1024px) 100vw, 1024px\" \/><figcaption class=\"wp-element-caption\"><strong>Imagine 2: <\/strong>Participan\u021bi \u2013 copii, p\u0103rin\u021bi \u0219i profesori, la finalul atelierului<br><strong>Descriere imagine 2:<\/strong> un grup de adul\u021bi \u0219i copii aduna\u021bi \u00eentr-o \u00eenc\u0103pere decorat\u0103 cu un copac mare artificial, st\u00e2nd \u00eempreun\u0103 pe jos, \u00een fa\u021ba copacului. Doi dintre adul\u021bi \u021bin o pancart\u0103 colorat\u0103 pe care scrie \u201eHelen Keller \u2013 Ia\u0219i 2025\u201d<em>.<\/em><\/figcaption><\/figure>\n","protected":false},"excerpt":{"rendered":"<p>Activit\u0103\u021bi de explorare senzorial\u0103 pentru copiii cu surdocecitate \u0219i dizabilit\u0103\u021bi senzoriale multiple<\/p>\n","protected":false},"featured_media":0,"template":"","resource_cats":[262,224,219],"countries":[286],"class_list":["post-5054","resource","type-resource","status-publish","hentry","resource_cats-educatie","resource_cats-timp-liber-si-joaca","resource_cats-viata-si-invatarea","countries-romania"],"acf":[],"yoast_head":"<!-- This site is optimized with the Yoast SEO plugin v26.9 - https:\/\/yoast.com\/product\/yoast-seo-wordpress\/ -->\n<title>Exploram minunea din noi - Calatorie senzoriala pentru copiii cu surdocecitate - Global Deafblindness Resource Hub<\/title>\n<meta name=\"description\" content=\"Activit\u0103\u021bi de explorare senzorial\u0103 pentru copiii cu surdocecitate \u0219i dizabilit\u0103\u021bi senzoriale multiple\" \/>\n<meta name=\"robots\" content=\"index, follow, max-snippet:-1, max-image-preview:large, max-video-preview:-1\" \/>\n<link rel=\"canonical\" href=\"https:\/\/deafblindness.info\/ro\/resource\/senzoriala-pentru-copiii-cu-surdocecitate\/\" \/>\n<meta property=\"og:locale\" content=\"ro_RO\" \/>\n<meta property=\"og:type\" content=\"article\" \/>\n<meta property=\"og:title\" content=\"Exploram minunea din noi - Calatorie senzoriala pentru copiii cu surdocecitate - Global Deafblindness Resource Hub\" \/>\n<meta property=\"og:description\" content=\"Activit\u0103\u021bi de explorare senzorial\u0103 pentru copiii cu surdocecitate \u0219i dizabilit\u0103\u021bi senzoriale multiple\" \/>\n<meta property=\"og:url\" content=\"https:\/\/deafblindness.info\/ro\/resource\/senzoriala-pentru-copiii-cu-surdocecitate\/\" \/>\n<meta property=\"og:site_name\" content=\"Global Deafblindness Resource Hub\" \/>\n<meta property=\"article:modified_time\" content=\"2025-11-24T16:37:45+00:00\" \/>\n<meta property=\"og:image\" content=\"https:\/\/deafblindness.info\/wp-content\/uploads\/2025\/11\/Image-1-1.jpeg\" \/>\n\t<meta property=\"og:image:width\" content=\"1600\" \/>\n\t<meta property=\"og:image:height\" content=\"900\" \/>\n\t<meta property=\"og:image:type\" content=\"image\/jpeg\" \/>\n<meta name=\"twitter:card\" content=\"summary_large_image\" \/>\n<meta name=\"twitter:label1\" content=\"Est. reading time\" \/>\n\t<meta name=\"twitter:data1\" content=\"3 minute\" \/>\n<script type=\"application\/ld+json\" class=\"yoast-schema-graph\">{\"@context\":\"https:\/\/schema.org\",\"@graph\":[{\"@type\":\"WebPage\",\"@id\":\"https:\/\/deafblindness.info\/ro\/resource\/senzoriala-pentru-copiii-cu-surdocecitate\/\",\"url\":\"https:\/\/deafblindness.info\/ro\/resource\/senzoriala-pentru-copiii-cu-surdocecitate\/\",\"name\":\"Exploram minunea din noi - Calatorie senzoriala pentru copiii cu surdocecitate - Global Deafblindness Resource Hub\",\"isPartOf\":{\"@id\":\"https:\/\/deafblindness.info\/ro\/#website\"},\"primaryImageOfPage\":{\"@id\":\"https:\/\/deafblindness.info\/ro\/resource\/senzoriala-pentru-copiii-cu-surdocecitate\/#primaryimage\"},\"image\":{\"@id\":\"https:\/\/deafblindness.info\/ro\/resource\/senzoriala-pentru-copiii-cu-surdocecitate\/#primaryimage\"},\"thumbnailUrl\":\"https:\/\/deafblindness.info\/wp-content\/uploads\/2025\/11\/Image-1-1-1024x576.jpeg\",\"datePublished\":\"2025-11-24T16:37:43+00:00\",\"dateModified\":\"2025-11-24T16:37:45+00:00\",\"description\":\"Activit\u0103\u021bi de explorare senzorial\u0103 pentru copiii cu surdocecitate \u0219i dizabilit\u0103\u021bi senzoriale multiple\",\"breadcrumb\":{\"@id\":\"https:\/\/deafblindness.info\/ro\/resource\/senzoriala-pentru-copiii-cu-surdocecitate\/#breadcrumb\"},\"inLanguage\":\"ro-RO\",\"potentialAction\":[{\"@type\":\"ReadAction\",\"target\":[\"https:\/\/deafblindness.info\/ro\/resource\/senzoriala-pentru-copiii-cu-surdocecitate\/\"]}]},{\"@type\":\"ImageObject\",\"inLanguage\":\"ro-RO\",\"@id\":\"https:\/\/deafblindness.info\/ro\/resource\/senzoriala-pentru-copiii-cu-surdocecitate\/#primaryimage\",\"url\":\"https:\/\/deafblindness.info\/wp-content\/uploads\/2025\/11\/Image-1-1-1024x576.jpeg\",\"contentUrl\":\"https:\/\/deafblindness.info\/wp-content\/uploads\/2025\/11\/Image-1-1-1024x576.jpeg\"},{\"@type\":\"BreadcrumbList\",\"@id\":\"https:\/\/deafblindness.info\/ro\/resource\/senzoriala-pentru-copiii-cu-surdocecitate\/#breadcrumb\",\"itemListElement\":[{\"@type\":\"ListItem\",\"position\":1,\"name\":\"Home\",\"item\":\"https:\/\/deafblindness.info\/ro\/\"},{\"@type\":\"ListItem\",\"position\":2,\"name\":\"Exploram minunea din noi &#8211; Calatorie senzoriala pentru copiii cu surdocecitate\"}]},{\"@type\":\"WebSite\",\"@id\":\"https:\/\/deafblindness.info\/ro\/#website\",\"url\":\"https:\/\/deafblindness.info\/ro\/\",\"name\":\"Global Deafblindness Resource Hub\",\"description\":\"Connecting people with deafblindness to the world around them\",\"publisher\":{\"@id\":\"https:\/\/deafblindness.info\/ro\/#organization\"},\"potentialAction\":[{\"@type\":\"SearchAction\",\"target\":{\"@type\":\"EntryPoint\",\"urlTemplate\":\"https:\/\/deafblindness.info\/ro\/?s={search_term_string}\"},\"query-input\":{\"@type\":\"PropertyValueSpecification\",\"valueRequired\":true,\"valueName\":\"search_term_string\"}}],\"inLanguage\":\"ro-RO\"},{\"@type\":\"Organization\",\"@id\":\"https:\/\/deafblindness.info\/ro\/#organization\",\"name\":\"Global Deafblindness Resource Hub\",\"url\":\"https:\/\/deafblindness.info\/ro\/\",\"logo\":{\"@type\":\"ImageObject\",\"inLanguage\":\"ro-RO\",\"@id\":\"https:\/\/deafblindness.info\/ro\/#\/schema\/logo\/image\/\",\"url\":\"https:\/\/deafblindness.info\/wp-content\/uploads\/2024\/09\/logo-icon.svg\",\"contentUrl\":\"https:\/\/deafblindness.info\/wp-content\/uploads\/2024\/09\/logo-icon.svg\",\"width\":50,\"height\":50,\"caption\":\"Global Deafblindness Resource Hub\"},\"image\":{\"@id\":\"https:\/\/deafblindness.info\/ro\/#\/schema\/logo\/image\/\"}}]}<\/script>\n<!-- \/ Yoast SEO plugin. -->","yoast_head_json":{"title":"Exploram minunea din noi - Calatorie senzoriala pentru copiii cu surdocecitate - Global Deafblindness Resource Hub","description":"Activit\u0103\u021bi de explorare senzorial\u0103 pentru copiii cu surdocecitate \u0219i dizabilit\u0103\u021bi senzoriale multiple","robots":{"index":"index","follow":"follow","max-snippet":"max-snippet:-1","max-image-preview":"max-image-preview:large","max-video-preview":"max-video-preview:-1"},"canonical":"https:\/\/deafblindness.info\/ro\/resource\/senzoriala-pentru-copiii-cu-surdocecitate\/","og_locale":"ro_RO","og_type":"article","og_title":"Exploram minunea din noi - Calatorie senzoriala pentru copiii cu surdocecitate - Global Deafblindness Resource Hub","og_description":"Activit\u0103\u021bi de explorare senzorial\u0103 pentru copiii cu surdocecitate \u0219i dizabilit\u0103\u021bi senzoriale multiple","og_url":"https:\/\/deafblindness.info\/ro\/resource\/senzoriala-pentru-copiii-cu-surdocecitate\/","og_site_name":"Global Deafblindness Resource Hub","article_modified_time":"2025-11-24T16:37:45+00:00","og_image":[{"width":1600,"height":900,"url":"https:\/\/deafblindness.info\/wp-content\/uploads\/2025\/11\/Image-1-1.jpeg","type":"image\/jpeg"}],"twitter_card":"summary_large_image","twitter_misc":{"Est. reading time":"3 minute"},"schema":{"@context":"https:\/\/schema.org","@graph":[{"@type":"WebPage","@id":"https:\/\/deafblindness.info\/ro\/resource\/senzoriala-pentru-copiii-cu-surdocecitate\/","url":"https:\/\/deafblindness.info\/ro\/resource\/senzoriala-pentru-copiii-cu-surdocecitate\/","name":"Exploram minunea din noi - Calatorie senzoriala pentru copiii cu surdocecitate - Global Deafblindness Resource Hub","isPartOf":{"@id":"https:\/\/deafblindness.info\/ro\/#website"},"primaryImageOfPage":{"@id":"https:\/\/deafblindness.info\/ro\/resource\/senzoriala-pentru-copiii-cu-surdocecitate\/#primaryimage"},"image":{"@id":"https:\/\/deafblindness.info\/ro\/resource\/senzoriala-pentru-copiii-cu-surdocecitate\/#primaryimage"},"thumbnailUrl":"https:\/\/deafblindness.info\/wp-content\/uploads\/2025\/11\/Image-1-1-1024x576.jpeg","datePublished":"2025-11-24T16:37:43+00:00","dateModified":"2025-11-24T16:37:45+00:00","description":"Activit\u0103\u021bi de explorare senzorial\u0103 pentru copiii cu surdocecitate \u0219i dizabilit\u0103\u021bi senzoriale multiple","breadcrumb":{"@id":"https:\/\/deafblindness.info\/ro\/resource\/senzoriala-pentru-copiii-cu-surdocecitate\/#breadcrumb"},"inLanguage":"ro-RO","potentialAction":[{"@type":"ReadAction","target":["https:\/\/deafblindness.info\/ro\/resource\/senzoriala-pentru-copiii-cu-surdocecitate\/"]}]},{"@type":"ImageObject","inLanguage":"ro-RO","@id":"https:\/\/deafblindness.info\/ro\/resource\/senzoriala-pentru-copiii-cu-surdocecitate\/#primaryimage","url":"https:\/\/deafblindness.info\/wp-content\/uploads\/2025\/11\/Image-1-1-1024x576.jpeg","contentUrl":"https:\/\/deafblindness.info\/wp-content\/uploads\/2025\/11\/Image-1-1-1024x576.jpeg"},{"@type":"BreadcrumbList","@id":"https:\/\/deafblindness.info\/ro\/resource\/senzoriala-pentru-copiii-cu-surdocecitate\/#breadcrumb","itemListElement":[{"@type":"ListItem","position":1,"name":"Home","item":"https:\/\/deafblindness.info\/ro\/"},{"@type":"ListItem","position":2,"name":"Exploram minunea din noi &#8211; Calatorie senzoriala pentru copiii cu surdocecitate"}]},{"@type":"WebSite","@id":"https:\/\/deafblindness.info\/ro\/#website","url":"https:\/\/deafblindness.info\/ro\/","name":"Global Deafblindness Resource Hub","description":"Connecting people with deafblindness to the world around them","publisher":{"@id":"https:\/\/deafblindness.info\/ro\/#organization"},"potentialAction":[{"@type":"SearchAction","target":{"@type":"EntryPoint","urlTemplate":"https:\/\/deafblindness.info\/ro\/?s={search_term_string}"},"query-input":{"@type":"PropertyValueSpecification","valueRequired":true,"valueName":"search_term_string"}}],"inLanguage":"ro-RO"},{"@type":"Organization","@id":"https:\/\/deafblindness.info\/ro\/#organization","name":"Global Deafblindness Resource Hub","url":"https:\/\/deafblindness.info\/ro\/","logo":{"@type":"ImageObject","inLanguage":"ro-RO","@id":"https:\/\/deafblindness.info\/ro\/#\/schema\/logo\/image\/","url":"https:\/\/deafblindness.info\/wp-content\/uploads\/2024\/09\/logo-icon.svg","contentUrl":"https:\/\/deafblindness.info\/wp-content\/uploads\/2024\/09\/logo-icon.svg","width":50,"height":50,"caption":"Global Deafblindness Resource Hub"},"image":{"@id":"https:\/\/deafblindness.info\/ro\/#\/schema\/logo\/image\/"}}]}},"_links":{"self":[{"href":"https:\/\/deafblindness.info\/ro\/wp-json\/wp\/v2\/resource\/5054","targetHints":{"allow":["GET"]}}],"collection":[{"href":"https:\/\/deafblindness.info\/ro\/wp-json\/wp\/v2\/resource"}],"about":[{"href":"https:\/\/deafblindness.info\/ro\/wp-json\/wp\/v2\/types\/resource"}],"version-history":[{"count":0,"href":"https:\/\/deafblindness.info\/ro\/wp-json\/wp\/v2\/resource\/5054\/revisions"}],"wp:attachment":[{"href":"https:\/\/deafblindness.info\/ro\/wp-json\/wp\/v2\/media?parent=5054"}],"wp:term":[{"taxonomy":"resource_cats","embeddable":true,"href":"https:\/\/deafblindness.info\/ro\/wp-json\/wp\/v2\/resource_cats?post=5054"},{"taxonomy":"countries","embeddable":true,"href":"https:\/\/deafblindness.info\/ro\/wp-json\/wp\/v2\/countries?post=5054"}],"curies":[{"name":"wp","href":"https:\/\/api.w.org\/{rel}","templated":true}]}}